{"id":307,"date":"2020-10-17T05:48:53","date_gmt":"2020-10-17T05:48:53","guid":{"rendered":"http:\/\/fata-verso.ro\/?page_id=307"},"modified":"2020-10-17T05:58:35","modified_gmt":"2020-10-17T05:58:35","slug":"luna-literaturii-2018","status":"publish","type":"page","link":"https:\/\/fata-verso.ro\/index.php\/luna-literaturii-2018\/","title":{"rendered":"Luna Literaturii 2018"},"content":{"rendered":"\n<p>De la decizia de publicare p\u00e2n\u0103 la rafturile libr\u0103riei este o cale lung\u0103, pe care Simina Popa \u0219i Claudiu Sfirschi-L\u0103udat au \u00eencercat s-o parcurg\u0103 discut\u00e2nd cu profesioni\u0219ti din lumea c\u0103r\u021bii despre ce \u00eenseamn\u0103 s\u0103 fii editor, traduc\u0103tor, redactor \u0219i librar.<\/p>\n\n\n\n<p>Un proiect <a href=\"https:\/\/soundcloud.com\/tags\/Eucitesc\">#Eucitesc<\/a>, desf\u0103\u0219urat \u00een cadrul Lunii Literaturii Europene 2018, eveniment organizat de institutele culturale membre ale EUNIC Rom\u00e2nia.<\/p>\n\n\n\n<p>Invita\u021bii la discu\u021bie au fost <strong>Alexandra Rusu<\/strong>, editor la Editura Vellant, <strong>Vali Florescu<\/strong>, traduc\u0103tor, <strong>Alin Croitoru<\/strong>, redactor-\u0219ef la Editura Polirom, \u0219i <strong>Irina Ornea<\/strong>, librar la Libr\u0103ria Humanitas de la Ci\u0219migiu.<\/p>\n\n\n\n<p>Editare sunet: Alexandros Raptis<br>Ilustra\u021bia muzical\u0103: Cosmin Nicolae<\/p>\n\n\n\n<p><\/p>\n\n\n\n<h2>Alexandra Rusu \u2014 editor<\/h2>\n\n\n\n<figure class=\"wp-block-audio\"><audio controls src=\"http:\/\/fata-verso.ro\/wp-content\/uploads\/2020\/10\/1Podcast-Alexandra-Rusu-editor.mp3\"><\/audio><\/figure>\n\n\n\n<h2>Vali Florescu \u2014 traduc\u0103tor<\/h2>\n\n\n\n<figure class=\"wp-block-audio\"><audio controls src=\"http:\/\/fata-verso.ro\/wp-content\/uploads\/2020\/10\/2Podcast-Vali-Florescu-traducator.mp3\"><\/audio><\/figure>\n\n\n\n<h2>Alin Croitoru \u2014 redactor<\/h2>\n\n\n\n<figure class=\"wp-block-audio\"><audio controls src=\"http:\/\/fata-verso.ro\/wp-content\/uploads\/2020\/10\/3Podcast-Alin-Croitoru-redactor.mp3\"><\/audio><\/figure>\n\n\n\n<h2>Irina Ornea \u2014 librar<\/h2>\n\n\n\n<figure class=\"wp-block-audio\"><audio controls src=\"http:\/\/fata-verso.ro\/wp-content\/uploads\/2020\/10\/4Podcast-Irina-Ornea-librar.mp3\"><\/audio><\/figure>\n\n\n\n<p><\/p>\n","protected":false},"excerpt":{"rendered":"<p>De la decizia de publicare p\u00e2n\u0103 la rafturile libr\u0103riei este o cale lung\u0103, pe care Simina Popa \u0219i Claudiu Sfirschi-L\u0103udat au \u00eencercat s-o parcurg\u0103 discut\u00e2nd &hellip; <span class=\"read-more-link\"><a class=\"read-more\" href=\"https:\/\/fata-verso.ro\/index.php\/luna-literaturii-2018\/\">Read More &rsaquo;<\/a><\/span><\/p>\n","protected":false},"author":2,"featured_media":0,"parent":0,"menu_order":0,"comment_status":"closed","ping_status":"closed","template":"","meta":{"_mi_skip_tracking":false},"_links":{"self":[{"href":"https:\/\/fata-verso.ro\/index.php\/wp-json\/wp\/v2\/pages\/307"}],"collection":[{"href":"https:\/\/fata-verso.ro\/index.php\/wp-json\/wp\/v2\/pages"}],"about":[{"href":"https:\/\/fata-verso.ro\/index.php\/wp-json\/wp\/v2\/types\/page"}],"author":[{"embeddable":true,"href":"https:\/\/fata-verso.ro\/index.php\/wp-json\/wp\/v2\/users\/2"}],"replies":[{"embeddable":true,"href":"https:\/\/fata-verso.ro\/index.php\/wp-json\/wp\/v2\/comments?post=307"}],"version-history":[{"count":3,"href":"https:\/\/fata-verso.ro\/index.php\/wp-json\/wp\/v2\/pages\/307\/revisions"}],"predecessor-version":[{"id":316,"href":"https:\/\/fata-verso.ro\/index.php\/wp-json\/wp\/v2\/pages\/307\/revisions\/316"}],"wp:attachment":[{"href":"https:\/\/fata-verso.ro\/index.php\/wp-json\/wp\/v2\/media?parent=307"}],"curies":[{"name":"wp","href":"https:\/\/api.w.org\/{rel}","templated":true}]}}