{"id":2,"date":"2019-07-27T19:12:28","date_gmt":"2019-07-27T19:12:28","guid":{"rendered":"http:\/\/simina.fastforward.ro\/?page_id=2"},"modified":"2020-08-17T18:52:12","modified_gmt":"2020-08-17T18:52:12","slug":"sample-page","status":"publish","type":"page","link":"https:\/\/fata-verso.ro\/index.php\/sample-page\/","title":{"rendered":"Bine a\u021bi venit!"},"content":{"rendered":"\n<p>A\u0219ezate cumin\u021bi \u00een rafturile libr\u0103riilor, c\u0103r\u021bile par lipsite de voce. Dar e suficient s\u0103 \u00eentinzi m\u00e2na \u0219i s\u0103 le deschizi pentru a auzi zumz\u0103itul din spatele copertelor, vocile personajelor, ale autorului, ale traduc\u0103torului \u0219i ale at\u00e2tor altora care, \u00eendr\u0103gosti\u021bi de c\u0103r\u021bi \u0219i de lectur\u0103, au contribuit la na\u0219terea unui \u201eobiect\u201d at\u00e2t de viu. O carte nu poate tr\u0103i f\u0103r\u0103 cititorii ei, care sunt \u00eens\u0103\u0219i ra\u021biunea ei de a exista. Ea prinde via\u021b\u0103 odat\u0103 atins\u0103, r\u0103sfoit\u0103 \u0219i citit\u0103. \u00cen podcastul \u201eFa\u021b\u0103 \/ Verso\u201d, vrem s\u0103 tulbur\u0103m t\u0103cerea c\u0103r\u021bilor de pe rafturile libr\u0103riei, s\u0103 le lu\u0103m la \u00eentreb\u0103ri, s\u0103 red\u0103m sonor cuvintele tip\u0103rite, \u00eentorc\u00e2nd pagin\u0103 dup\u0103 pagin\u0103, fa\u021b\u0103-verso. Doi cititori binedispu\u0219i orchestreaz\u0103 vocile c\u0103r\u021bilor, invit\u00e2nd actori, autori, traduc\u0103tori \u0219i pasiona\u021bi din lumea cultural\u0103 pentru a vorbi despre un univers fantastic care prinde glas \u00eendat\u0103 ce sunte\u021bi preg\u0103ti\u021bi a-l asculta. \u201eFa\u021b\u0103 \/ Verso\u201d este o oaz\u0103 \u00een care v\u0103 pute\u021bi retrage departe de zgomotele lumii, pentru a auzi vocea \u00eembietoare a imagina\u021biei \u2013 \u0219i c\u00e2teva chicoteli. Sunte\u021bi gata? Cartea abia a\u0219teapt\u0103 s\u0103 v\u0103 vorbeasc\u0103.<\/p>\n","protected":false},"excerpt":{"rendered":"<p>A\u0219ezate cumin\u021bi \u00een rafturile libr\u0103riilor, c\u0103r\u021bile par lipsite de voce. Dar e suficient s\u0103 \u00eentinzi m\u00e2na \u0219i s\u0103 le deschizi pentru a auzi zumz\u0103itul din &hellip; <span class=\"read-more-link\"><a class=\"read-more\" href=\"https:\/\/fata-verso.ro\/index.php\/sample-page\/\">Read More &rsaquo;<\/a><\/span><\/p>\n","protected":false},"author":1,"featured_media":0,"parent":0,"menu_order":0,"comment_status":"closed","ping_status":"open","template":"","meta":{"_mi_skip_tracking":false},"_links":{"self":[{"href":"https:\/\/fata-verso.ro\/index.php\/wp-json\/wp\/v2\/pages\/2"}],"collection":[{"href":"https:\/\/fata-verso.ro\/index.php\/wp-json\/wp\/v2\/pages"}],"about":[{"href":"https:\/\/fata-verso.ro\/index.php\/wp-json\/wp\/v2\/types\/page"}],"author":[{"embeddable":true,"href":"https:\/\/fata-verso.ro\/index.php\/wp-json\/wp\/v2\/users\/1"}],"replies":[{"embeddable":true,"href":"https:\/\/fata-verso.ro\/index.php\/wp-json\/wp\/v2\/comments?post=2"}],"version-history":[{"count":3,"href":"https:\/\/fata-verso.ro\/index.php\/wp-json\/wp\/v2\/pages\/2\/revisions"}],"predecessor-version":[{"id":72,"href":"https:\/\/fata-verso.ro\/index.php\/wp-json\/wp\/v2\/pages\/2\/revisions\/72"}],"wp:attachment":[{"href":"https:\/\/fata-verso.ro\/index.php\/wp-json\/wp\/v2\/media?parent=2"}],"curies":[{"name":"wp","href":"https:\/\/api.w.org\/{rel}","templated":true}]}}